{"version":"1.0","provider_name":"3e mill\u00e9naire - Spiritualit\u00e9 - Connaissance de soi - Non-dualit\u00e9 - M\u00e9ditation","provider_url":"https:\/\/www.revue3emillenaire.com\/blog","title":"Deux exp\u00e9riences int\u00e9rieures en inde par L\u00e9on Bensimon - 3e mill\u00e9naire - Spiritualit\u00e9 - Connaissance de soi - Non-dualit\u00e9 - M\u00e9ditation","type":"rich","width":600,"height":338,"html":"<blockquote class=\"wp-embedded-content\" data-secret=\"RIrLVd8nfP\"><a href=\"https:\/\/www.revue3emillenaire.com\/blog\/deux-experiences-interieures-en-inde-par-leon-bensimon\/\">Deux exp\u00e9riences int\u00e9rieures en inde par L\u00e9on Bensimon<\/a><\/blockquote><iframe sandbox=\"allow-scripts\" security=\"restricted\" src=\"https:\/\/www.revue3emillenaire.com\/blog\/deux-experiences-interieures-en-inde-par-leon-bensimon\/embed\/#?secret=RIrLVd8nfP\" width=\"600\" height=\"338\" title=\"\u00ab\u00a0Deux exp\u00e9riences int\u00e9rieures en inde par L\u00e9on Bensimon\u00a0\u00bb &#8212; 3e mill\u00e9naire - Spiritualit\u00e9 - Connaissance de soi - Non-dualit\u00e9 - M\u00e9ditation\" data-secret=\"RIrLVd8nfP\" frameborder=\"0\" marginwidth=\"0\" marginheight=\"0\" scrolling=\"no\" class=\"wp-embedded-content\"><\/iframe><script type=\"text\/javascript\">\n\/* <![CDATA[ *\/\n\/*! This file is auto-generated *\/\n!function(d,l){\"use strict\";l.querySelector&&d.addEventListener&&\"undefined\"!=typeof URL&&(d.wp=d.wp||{},d.wp.receiveEmbedMessage||(d.wp.receiveEmbedMessage=function(e){var t=e.data;if((t||t.secret||t.message||t.value)&&!\/[^a-zA-Z0-9]\/.test(t.secret)){for(var s,r,n,a=l.querySelectorAll('iframe[data-secret=\"'+t.secret+'\"]'),o=l.querySelectorAll('blockquote[data-secret=\"'+t.secret+'\"]'),c=new RegExp(\"^https?:$\",\"i\"),i=0;i<o.length;i++)o[i].style.display=\"none\";for(i=0;i<a.length;i++)s=a[i],e.source===s.contentWindow&&(s.removeAttribute(\"style\"),\"height\"===t.message?(1e3<(r=parseInt(t.value,10))?r=1e3:~~r<200&&(r=200),s.height=r):\"link\"===t.message&&(r=new URL(s.getAttribute(\"src\")),n=new URL(t.value),c.test(n.protocol))&&n.host===r.host&&l.activeElement===s&&(d.top.location.href=t.value))}},d.addEventListener(\"message\",d.wp.receiveEmbedMessage,!1),l.addEventListener(\"DOMContentLoaded\",function(){for(var e,t,s=l.querySelectorAll(\"iframe.wp-embedded-content\"),r=0;r<s.length;r++)(t=(e=s[r]).getAttribute(\"data-secret\"))||(t=Math.random().toString(36).substring(2,12),e.src+=\"#?secret=\"+t,e.setAttribute(\"data-secret\",t)),e.contentWindow.postMessage({message:\"ready\",secret:t},\"*\")},!1)))}(window,document);\n\/\/# sourceURL=https:\/\/www.revue3emillenaire.com\/blog\/wp-includes\/js\/wp-embed.min.js\n\/* ]]> *\/\n<\/script>\n","description":"Ce que nous \u00e9prouvons r\u00e9ellement dans les profondeurs de notre \u00e2me ne peut \u00eatre reproduit d'une mani\u00e8re authentique par le moyen de l'\u00e9criture ou du discours. Ceci parce qu'il existe un monde des id\u00e9es sans forme et c'est l\u00e0 qu'il nous faut p\u00e9n\u00e9trer, si nous d\u00e9sirons saisir ce qui est derri\u00e8re et au-del\u00e0 des paroles. L\u00e0 existe un plan dont la dimension n'est pas commun\u00e9ment saisie par le mental, le rationnel, le m\u00e9canisme courant du cerveau avec ses possibilit\u00e9s actuelles limit\u00e9es. D'ailleurs la voie de l'Intelligence n'est-elle pas de voir au-del\u00e0 des mots ?"}