{"version":"1.0","provider_name":"3e mill\u00e9naire - Spiritualit\u00e9 - Connaissance de soi - Non-dualit\u00e9 - M\u00e9ditation","provider_url":"https:\/\/www.revue3emillenaire.com\/blog","title":"\u00catre sans qualification par Jean Klein - 3e mill\u00e9naire - Spiritualit\u00e9 - Connaissance de soi - Non-dualit\u00e9 - M\u00e9ditation","type":"rich","width":600,"height":338,"html":"<blockquote class=\"wp-embedded-content\" data-secret=\"mLJz9E0dDp\"><a href=\"https:\/\/www.revue3emillenaire.com\/blog\/etre-sans-qualification-par-jean-klein\/\">\u00catre sans qualification par Jean Klein<\/a><\/blockquote><iframe sandbox=\"allow-scripts\" security=\"restricted\" src=\"https:\/\/www.revue3emillenaire.com\/blog\/etre-sans-qualification-par-jean-klein\/embed\/#?secret=mLJz9E0dDp\" width=\"600\" height=\"338\" title=\"\u00ab\u00a0\u00catre sans qualification par Jean Klein\u00a0\u00bb &#8212; 3e mill\u00e9naire - Spiritualit\u00e9 - Connaissance de soi - Non-dualit\u00e9 - M\u00e9ditation\" data-secret=\"mLJz9E0dDp\" frameborder=\"0\" marginwidth=\"0\" marginheight=\"0\" scrolling=\"no\" class=\"wp-embedded-content\"><\/iframe><script type=\"text\/javascript\">\n\/* <![CDATA[ *\/\n\/*! This file is auto-generated *\/\n!function(d,l){\"use strict\";l.querySelector&&d.addEventListener&&\"undefined\"!=typeof URL&&(d.wp=d.wp||{},d.wp.receiveEmbedMessage||(d.wp.receiveEmbedMessage=function(e){var t=e.data;if((t||t.secret||t.message||t.value)&&!\/[^a-zA-Z0-9]\/.test(t.secret)){for(var s,r,n,a=l.querySelectorAll('iframe[data-secret=\"'+t.secret+'\"]'),o=l.querySelectorAll('blockquote[data-secret=\"'+t.secret+'\"]'),c=new RegExp(\"^https?:$\",\"i\"),i=0;i<o.length;i++)o[i].style.display=\"none\";for(i=0;i<a.length;i++)s=a[i],e.source===s.contentWindow&&(s.removeAttribute(\"style\"),\"height\"===t.message?(1e3<(r=parseInt(t.value,10))?r=1e3:~~r<200&&(r=200),s.height=r):\"link\"===t.message&&(r=new URL(s.getAttribute(\"src\")),n=new URL(t.value),c.test(n.protocol))&&n.host===r.host&&l.activeElement===s&&(d.top.location.href=t.value))}},d.addEventListener(\"message\",d.wp.receiveEmbedMessage,!1),l.addEventListener(\"DOMContentLoaded\",function(){for(var e,t,s=l.querySelectorAll(\"iframe.wp-embedded-content\"),r=0;r<s.length;r++)(t=(e=s[r]).getAttribute(\"data-secret\"))||(t=Math.random().toString(36).substring(2,12),e.src+=\"#?secret=\"+t,e.setAttribute(\"data-secret\",t)),e.contentWindow.postMessage({message:\"ready\",secret:t},\"*\")},!1)))}(window,document);\n\/\/# sourceURL=https:\/\/www.revue3emillenaire.com\/blog\/wp-includes\/js\/wp-embed.min.js\n\/* ]]> *\/\n<\/script>\n","thumbnail_url":"https:\/\/www.revue3emillenaire.com\/blog\/wp-content\/uploads\/2012\/12\/jklein4.jpg","thumbnail_width":"334","thumbnail_height":"392","description":"La premi\u00e8re pens\u00e9e est celle du \"je\". Elle est sans objet, et si nous dirigeons notre attention sur elle, elle se r\u00e9sorbe imm\u00e9diatement dans une lucidit\u00e9 silencieuse, ce qui signifie \u00eatre, sans qualification, absolument non-duelle. Ce je est ce que nous sommes. Il est supr\u00eame sujet et absolument non saisissable, il n'est ni une image, ni un objet. La diff\u00e9rence entre le sujet supr\u00eame conscience et l'objet est seulement apparente, elle est due \u00e0 la dualit\u00e9 : percipient-per\u00e7u. Ce que nous croyons \u00eatre, l'extension dans un espace-temps, le monde, les objets ne sont rien d'autre que des expressions, des prolongements de ce \"je\" ultime."}