{"version":"1.0","provider_name":"3e mill\u00e9naire - Spiritualit\u00e9 - Connaissance de soi - Non-dualit\u00e9 - M\u00e9ditation","provider_url":"https:\/\/www.revue3emillenaire.com\/blog","title":"Itin\u00e9raire 9 : La lib\u00e9ration de l'homme par Pierre d'Angkor - 3e mill\u00e9naire - Spiritualit\u00e9 - Connaissance de soi - Non-dualit\u00e9 - M\u00e9ditation","type":"rich","width":600,"height":338,"html":"<blockquote class=\"wp-embedded-content\" data-secret=\"TZogJ1OSNs\"><a href=\"https:\/\/www.revue3emillenaire.com\/blog\/itineraire-9-la-liberation-de-lhomme\/\">Itin\u00e9raire 9 : La lib\u00e9ration de l&rsquo;homme par Pierre d&rsquo;Angkor<\/a><\/blockquote><iframe sandbox=\"allow-scripts\" security=\"restricted\" src=\"https:\/\/www.revue3emillenaire.com\/blog\/itineraire-9-la-liberation-de-lhomme\/embed\/#?secret=TZogJ1OSNs\" width=\"600\" height=\"338\" title=\"\u00ab\u00a0Itin\u00e9raire 9 : La lib\u00e9ration de l&rsquo;homme par Pierre d&rsquo;Angkor\u00a0\u00bb &#8212; 3e mill\u00e9naire - Spiritualit\u00e9 - Connaissance de soi - Non-dualit\u00e9 - M\u00e9ditation\" data-secret=\"TZogJ1OSNs\" frameborder=\"0\" marginwidth=\"0\" marginheight=\"0\" scrolling=\"no\" class=\"wp-embedded-content\"><\/iframe><script type=\"text\/javascript\">\n\/* <![CDATA[ *\/\n\/*! This file is auto-generated *\/\n!function(d,l){\"use strict\";l.querySelector&&d.addEventListener&&\"undefined\"!=typeof URL&&(d.wp=d.wp||{},d.wp.receiveEmbedMessage||(d.wp.receiveEmbedMessage=function(e){var t=e.data;if((t||t.secret||t.message||t.value)&&!\/[^a-zA-Z0-9]\/.test(t.secret)){for(var s,r,n,a=l.querySelectorAll('iframe[data-secret=\"'+t.secret+'\"]'),o=l.querySelectorAll('blockquote[data-secret=\"'+t.secret+'\"]'),c=new RegExp(\"^https?:$\",\"i\"),i=0;i<o.length;i++)o[i].style.display=\"none\";for(i=0;i<a.length;i++)s=a[i],e.source===s.contentWindow&&(s.removeAttribute(\"style\"),\"height\"===t.message?(1e3<(r=parseInt(t.value,10))?r=1e3:~~r<200&&(r=200),s.height=r):\"link\"===t.message&&(r=new URL(s.getAttribute(\"src\")),n=new URL(t.value),c.test(n.protocol))&&n.host===r.host&&l.activeElement===s&&(d.top.location.href=t.value))}},d.addEventListener(\"message\",d.wp.receiveEmbedMessage,!1),l.addEventListener(\"DOMContentLoaded\",function(){for(var e,t,s=l.querySelectorAll(\"iframe.wp-embedded-content\"),r=0;r<s.length;r++)(t=(e=s[r]).getAttribute(\"data-secret\"))||(t=Math.random().toString(36).substring(2,12),e.src+=\"#?secret=\"+t,e.setAttribute(\"data-secret\",t)),e.contentWindow.postMessage({message:\"ready\",secret:t},\"*\")},!1)))}(window,document);\n\/\/# sourceURL=https:\/\/www.revue3emillenaire.com\/blog\/wp-includes\/js\/wp-embed.min.js\n\/* ]]> *\/\n<\/script>\n","description":"Ishv\u00e2ra, le Logos, l'Homme c\u00e9leste : ce qui est l'homme proprement dit, c'est cette conscience temporaire de la Vie, autrement dit le moi, hypostase du Moi divin. Et c'est en r\u00e9alit\u00e9 une \u00e9trange et profonde exp\u00e9rience intime que la r\u00e9alisation effective en nous de cette, dualit\u00e9, que la prise de conscience du v\u00e9ritable caract\u00e8re, transcendant et immanent, de la Vie en nous. Qu'importe d\u00e9sormais que mon petit moi personnel soit un \u00eatre falot, impuissant et d\u00e9bile, si je sens en moi-m\u00eame ce divin compagnon, cette Force supr\u00eame, qui m'inspire et me guide, qui me rel\u00e8ve quand je tombe, qui me soutient quand je faiblis et qui est, myst\u00e9rieusement, mon \u00catre r\u00e9el, le Dieu inconnu en moi en m\u00eame temps que le sauveur incarn\u00e9 pour mon salut."}