{"version":"1.0","provider_name":"3e mill\u00e9naire - Spiritualit\u00e9 - Connaissance de soi - Non-dualit\u00e9 - M\u00e9ditation","provider_url":"https:\/\/www.revue3emillenaire.com\/blog","title":"J\u00e9sus et Juda\u00efsme par Pierre D'Angkor - 3e mill\u00e9naire - Spiritualit\u00e9 - Connaissance de soi - Non-dualit\u00e9 - M\u00e9ditation","type":"rich","width":600,"height":338,"html":"<blockquote class=\"wp-embedded-content\" data-secret=\"d1LhK0nFD9\"><a href=\"https:\/\/www.revue3emillenaire.com\/blog\/jesus-et-judaisme-par-pierre-dangkor\/\">J\u00e9sus et Juda\u00efsme par Pierre D&rsquo;Angkor<\/a><\/blockquote><iframe sandbox=\"allow-scripts\" security=\"restricted\" src=\"https:\/\/www.revue3emillenaire.com\/blog\/jesus-et-judaisme-par-pierre-dangkor\/embed\/#?secret=d1LhK0nFD9\" width=\"600\" height=\"338\" title=\"\u00ab\u00a0J\u00e9sus et Juda\u00efsme par Pierre D&rsquo;Angkor\u00a0\u00bb &#8212; 3e mill\u00e9naire - Spiritualit\u00e9 - Connaissance de soi - Non-dualit\u00e9 - M\u00e9ditation\" data-secret=\"d1LhK0nFD9\" frameborder=\"0\" marginwidth=\"0\" marginheight=\"0\" scrolling=\"no\" class=\"wp-embedded-content\"><\/iframe><script type=\"text\/javascript\">\n\/* <![CDATA[ *\/\n\/*! This file is auto-generated *\/\n!function(d,l){\"use strict\";l.querySelector&&d.addEventListener&&\"undefined\"!=typeof URL&&(d.wp=d.wp||{},d.wp.receiveEmbedMessage||(d.wp.receiveEmbedMessage=function(e){var t=e.data;if((t||t.secret||t.message||t.value)&&!\/[^a-zA-Z0-9]\/.test(t.secret)){for(var s,r,n,a=l.querySelectorAll('iframe[data-secret=\"'+t.secret+'\"]'),o=l.querySelectorAll('blockquote[data-secret=\"'+t.secret+'\"]'),c=new RegExp(\"^https?:$\",\"i\"),i=0;i<o.length;i++)o[i].style.display=\"none\";for(i=0;i<a.length;i++)s=a[i],e.source===s.contentWindow&&(s.removeAttribute(\"style\"),\"height\"===t.message?(1e3<(r=parseInt(t.value,10))?r=1e3:~~r<200&&(r=200),s.height=r):\"link\"===t.message&&(r=new URL(s.getAttribute(\"src\")),n=new URL(t.value),c.test(n.protocol))&&n.host===r.host&&l.activeElement===s&&(d.top.location.href=t.value))}},d.addEventListener(\"message\",d.wp.receiveEmbedMessage,!1),l.addEventListener(\"DOMContentLoaded\",function(){for(var e,t,s=l.querySelectorAll(\"iframe.wp-embedded-content\"),r=0;r<s.length;r++)(t=(e=s[r]).getAttribute(\"data-secret\"))||(t=Math.random().toString(36).substring(2,12),e.src+=\"#?secret=\"+t,e.setAttribute(\"data-secret\",t)),e.contentWindow.postMessage({message:\"ready\",secret:t},\"*\")},!1)))}(window,document);\n\/\/# sourceURL=https:\/\/www.revue3emillenaire.com\/blog\/wp-includes\/js\/wp-embed.min.js\n\/* ]]> *\/\n<\/script>\n","thumbnail_url":"https:\/\/www.revue3emillenaire.com\/blog\/wp-content\/uploads\/2014\/08\/angkor.jpg","thumbnail_width":201,"thumbnail_height":281,"description":"De vieilles traditions juives reproduites dans les \u00e9crits talmudiques, antidatent d'un si\u00e8cle l'existence historique de J\u00e9sus. Elles le font na\u00eetre sous Alexandre Jeann\u00e9e et le montrent, durant sa jeunesse, oblig\u00e9 de fuir, avec son Ma\u00eetre Juif, Ben Perachiah, les pers\u00e9cutions \u00e9dict\u00e9es par ce monar\u00adque contre les initi\u00e9s. Il dut en cons\u00e9quence, nous assurent-elles, se r\u00e9fugier en \u00c9gypte, \u00e0 Alexandrie, o\u00f9 il \u00e9tudia et travailla. D'autre part, les historiens juifs du 1er si\u00e8cle, Philon-le-Juif et Flavius Jos\u00e8phe, qui ne nous parlent pas de J\u00e9sus de Nazareth, nous renseignent abon\u00addamment sur les milieux juifs, mystiques et \u00e9clectiques de ce temps (Ess\u00e9niens de Palestine et th\u00e9rapeutes d'\u00c9gypte), dont l'importance fut grande \u00e0 cette \u00e9poque et dont les rapprochements avec l'\u00c9glise primitive \u2013 qui finit d'ailleurs par les absorber \u2013 sont tels que la question de J\u00e9sus ess\u00e9nien, ou R\u00e9formateur de l'Essenisme, s'est souvent pos\u00e9e \u00e0 la critique..."}