{"version":"1.0","provider_name":"3e mill\u00e9naire - Spiritualit\u00e9 - Connaissance de soi - Non-dualit\u00e9 - M\u00e9ditation","provider_url":"https:\/\/www.revue3emillenaire.com\/blog","title":"La conception chr\u00e9tienne du temps par Mich\u00e8le Reboul - 3e mill\u00e9naire - Spiritualit\u00e9 - Connaissance de soi - Non-dualit\u00e9 - M\u00e9ditation","type":"rich","width":600,"height":338,"html":"<blockquote class=\"wp-embedded-content\" data-secret=\"JC5u905hiH\"><a href=\"https:\/\/www.revue3emillenaire.com\/blog\/la-conception-chretienne-du-temps-par-michele-reboul\/\">La conception chr\u00e9tienne du temps par Mich\u00e8le Reboul<\/a><\/blockquote><iframe sandbox=\"allow-scripts\" security=\"restricted\" src=\"https:\/\/www.revue3emillenaire.com\/blog\/la-conception-chretienne-du-temps-par-michele-reboul\/embed\/#?secret=JC5u905hiH\" width=\"600\" height=\"338\" title=\"\u00ab\u00a0La conception chr\u00e9tienne du temps par Mich\u00e8le Reboul\u00a0\u00bb &#8212; 3e mill\u00e9naire - Spiritualit\u00e9 - Connaissance de soi - Non-dualit\u00e9 - M\u00e9ditation\" data-secret=\"JC5u905hiH\" frameborder=\"0\" marginwidth=\"0\" marginheight=\"0\" scrolling=\"no\" class=\"wp-embedded-content\"><\/iframe><script type=\"text\/javascript\">\n\/* <![CDATA[ *\/\n\/*! This file is auto-generated *\/\n!function(d,l){\"use strict\";l.querySelector&&d.addEventListener&&\"undefined\"!=typeof URL&&(d.wp=d.wp||{},d.wp.receiveEmbedMessage||(d.wp.receiveEmbedMessage=function(e){var t=e.data;if((t||t.secret||t.message||t.value)&&!\/[^a-zA-Z0-9]\/.test(t.secret)){for(var s,r,n,a=l.querySelectorAll('iframe[data-secret=\"'+t.secret+'\"]'),o=l.querySelectorAll('blockquote[data-secret=\"'+t.secret+'\"]'),c=new RegExp(\"^https?:$\",\"i\"),i=0;i<o.length;i++)o[i].style.display=\"none\";for(i=0;i<a.length;i++)s=a[i],e.source===s.contentWindow&&(s.removeAttribute(\"style\"),\"height\"===t.message?(1e3<(r=parseInt(t.value,10))?r=1e3:~~r<200&&(r=200),s.height=r):\"link\"===t.message&&(r=new URL(s.getAttribute(\"src\")),n=new URL(t.value),c.test(n.protocol))&&n.host===r.host&&l.activeElement===s&&(d.top.location.href=t.value))}},d.addEventListener(\"message\",d.wp.receiveEmbedMessage,!1),l.addEventListener(\"DOMContentLoaded\",function(){for(var e,t,s=l.querySelectorAll(\"iframe.wp-embedded-content\"),r=0;r<s.length;r++)(t=(e=s[r]).getAttribute(\"data-secret\"))||(t=Math.random().toString(36).substring(2,12),e.src+=\"#?secret=\"+t,e.setAttribute(\"data-secret\",t)),e.contentWindow.postMessage({message:\"ready\",secret:t},\"*\")},!1)))}(window,document);\n\/\/# sourceURL=https:\/\/www.revue3emillenaire.com\/blog\/wp-includes\/js\/wp-embed.min.js\n\/* ]]> *\/\n<\/script>\n","description":"La notion de la fin du monde a son origine dans la perspective eschatologique du christianisme, d'un temps qui a commenc\u00e9 avec le monde et finira avec lui, d'un temps li\u00e9 au dessein de Dieu sur l'homme et, partant, d'une \u00e9volution cr\u00e9atrice de l'histoire. Le temps n'a de sens que dans la mesure o\u00f9 il s'abolit lui-m\u00eame en permettant \u00e0 l'\u0153uvre de la cr\u00e9ation de s'accomplir, il est le signe et l'\u00e9preuve de la libert\u00e9. Par suite, des philosophes qui n'admettent ni la cr\u00e9ation, ni la libert\u00e9, ni la transcendance de Dieu sur l'homme sont amen\u00e9s \u00e0 nier le temps, \u00e0 s\u00e9parer le temps de l'\u00e9ternit\u00e9, comme l'imaginaire du r\u00e9el, alors que l'eschatologie chr\u00e9tienne est fond\u00e9e sur l'union paradoxale du temps et de l'\u00e9ternit\u00e9."}