{"version":"1.0","provider_name":"3e mill\u00e9naire - Spiritualit\u00e9 - Connaissance de soi - Non-dualit\u00e9 - M\u00e9ditation","provider_url":"https:\/\/www.revue3emillenaire.com\/blog","title":"La conscience par Toni Packer - 3e mill\u00e9naire - Spiritualit\u00e9 - Connaissance de soi - Non-dualit\u00e9 - M\u00e9ditation","type":"rich","width":600,"height":338,"html":"<blockquote class=\"wp-embedded-content\" data-secret=\"EMiNvKPRiS\"><a href=\"https:\/\/www.revue3emillenaire.com\/blog\/la-conscience-par-toni-packer\/\">La conscience par Toni Packer<\/a><\/blockquote><iframe sandbox=\"allow-scripts\" security=\"restricted\" src=\"https:\/\/www.revue3emillenaire.com\/blog\/la-conscience-par-toni-packer\/embed\/#?secret=EMiNvKPRiS\" width=\"600\" height=\"338\" title=\"\u00ab\u00a0La conscience par Toni Packer\u00a0\u00bb &#8212; 3e mill\u00e9naire - Spiritualit\u00e9 - Connaissance de soi - Non-dualit\u00e9 - M\u00e9ditation\" data-secret=\"EMiNvKPRiS\" frameborder=\"0\" marginwidth=\"0\" marginheight=\"0\" scrolling=\"no\" class=\"wp-embedded-content\"><\/iframe><script type=\"text\/javascript\">\n\/* <![CDATA[ *\/\n\/*! This file is auto-generated *\/\n!function(d,l){\"use strict\";l.querySelector&&d.addEventListener&&\"undefined\"!=typeof URL&&(d.wp=d.wp||{},d.wp.receiveEmbedMessage||(d.wp.receiveEmbedMessage=function(e){var t=e.data;if((t||t.secret||t.message||t.value)&&!\/[^a-zA-Z0-9]\/.test(t.secret)){for(var s,r,n,a=l.querySelectorAll('iframe[data-secret=\"'+t.secret+'\"]'),o=l.querySelectorAll('blockquote[data-secret=\"'+t.secret+'\"]'),c=new RegExp(\"^https?:$\",\"i\"),i=0;i<o.length;i++)o[i].style.display=\"none\";for(i=0;i<a.length;i++)s=a[i],e.source===s.contentWindow&&(s.removeAttribute(\"style\"),\"height\"===t.message?(1e3<(r=parseInt(t.value,10))?r=1e3:~~r<200&&(r=200),s.height=r):\"link\"===t.message&&(r=new URL(s.getAttribute(\"src\")),n=new URL(t.value),c.test(n.protocol))&&n.host===r.host&&l.activeElement===s&&(d.top.location.href=t.value))}},d.addEventListener(\"message\",d.wp.receiveEmbedMessage,!1),l.addEventListener(\"DOMContentLoaded\",function(){for(var e,t,s=l.querySelectorAll(\"iframe.wp-embedded-content\"),r=0;r<s.length;r++)(t=(e=s[r]).getAttribute(\"data-secret\"))||(t=Math.random().toString(36).substring(2,12),e.src+=\"#?secret=\"+t,e.setAttribute(\"data-secret\",t)),e.contentWindow.postMessage({message:\"ready\",secret:t},\"*\")},!1)))}(window,document);\n\/\/# sourceURL=https:\/\/www.revue3emillenaire.com\/blog\/wp-includes\/js\/wp-embed.min.js\n\/* ]]> *\/\n<\/script>\n","thumbnail_url":"https:\/\/www.revue3emillenaire.com\/blog\/wp-content\/uploads\/2022\/04\/toni-packer.jpg","thumbnail_width":260,"thumbnail_height":296,"description":"Traduction libre La conscience ne peut \u00eatre enseign\u00e9e, et lorsqu\u2019elle est pr\u00e9sente, elle n\u2019a pas de contexte. Tous les contextes sont cr\u00e9\u00e9s par la pens\u00e9e et sont donc corruptibles par la pens\u00e9e. La conscience jette simplement de la lumi\u00e8re sur ce qui est, sans aucune s\u00e9paration. La conscience, l\u2019insight, l\u2019illumination, la pl\u00e9nitude \u2014, quels que [&hellip;]"}