{"version":"1.0","provider_name":"3e mill\u00e9naire - Spiritualit\u00e9 - Connaissance de soi - Non-dualit\u00e9 - M\u00e9ditation","provider_url":"https:\/\/www.revue3emillenaire.com\/blog","title":"La perception globale imm\u00e9diate par R. Linssen - 3e mill\u00e9naire - Spiritualit\u00e9 - Connaissance de soi - Non-dualit\u00e9 - M\u00e9ditation","type":"rich","width":600,"height":338,"html":"<blockquote class=\"wp-embedded-content\" data-secret=\"dT6y0iCCY4\"><a href=\"https:\/\/www.revue3emillenaire.com\/blog\/la-perception-globale-immediate-par-r-linssen\/\">La perception globale imm\u00e9diate par R. Linssen<\/a><\/blockquote><iframe sandbox=\"allow-scripts\" security=\"restricted\" src=\"https:\/\/www.revue3emillenaire.com\/blog\/la-perception-globale-immediate-par-r-linssen\/embed\/#?secret=dT6y0iCCY4\" width=\"600\" height=\"338\" title=\"\u00ab\u00a0La perception globale imm\u00e9diate par R. Linssen\u00a0\u00bb &#8212; 3e mill\u00e9naire - Spiritualit\u00e9 - Connaissance de soi - Non-dualit\u00e9 - M\u00e9ditation\" data-secret=\"dT6y0iCCY4\" frameborder=\"0\" marginwidth=\"0\" marginheight=\"0\" scrolling=\"no\" class=\"wp-embedded-content\"><\/iframe><script type=\"text\/javascript\">\n\/* <![CDATA[ *\/\n\/*! This file is auto-generated *\/\n!function(d,l){\"use strict\";l.querySelector&&d.addEventListener&&\"undefined\"!=typeof URL&&(d.wp=d.wp||{},d.wp.receiveEmbedMessage||(d.wp.receiveEmbedMessage=function(e){var t=e.data;if((t||t.secret||t.message||t.value)&&!\/[^a-zA-Z0-9]\/.test(t.secret)){for(var s,r,n,a=l.querySelectorAll('iframe[data-secret=\"'+t.secret+'\"]'),o=l.querySelectorAll('blockquote[data-secret=\"'+t.secret+'\"]'),c=new RegExp(\"^https?:$\",\"i\"),i=0;i<o.length;i++)o[i].style.display=\"none\";for(i=0;i<a.length;i++)s=a[i],e.source===s.contentWindow&&(s.removeAttribute(\"style\"),\"height\"===t.message?(1e3<(r=parseInt(t.value,10))?r=1e3:~~r<200&&(r=200),s.height=r):\"link\"===t.message&&(r=new URL(s.getAttribute(\"src\")),n=new URL(t.value),c.test(n.protocol))&&n.host===r.host&&l.activeElement===s&&(d.top.location.href=t.value))}},d.addEventListener(\"message\",d.wp.receiveEmbedMessage,!1),l.addEventListener(\"DOMContentLoaded\",function(){for(var e,t,s=l.querySelectorAll(\"iframe.wp-embedded-content\"),r=0;r<s.length;r++)(t=(e=s[r]).getAttribute(\"data-secret\"))||(t=Math.random().toString(36).substring(2,12),e.src+=\"#?secret=\"+t,e.setAttribute(\"data-secret\",t)),e.contentWindow.postMessage({message:\"ready\",secret:t},\"*\")},!1)))}(window,document);\n\/\/# sourceURL=https:\/\/www.revue3emillenaire.com\/blog\/wp-includes\/js\/wp-embed.min.js\n\/* ]]> *\/\n<\/script>\n","description":"A chaque instant, des pens\u00e9es se pr\u00e9sentent dans le champ de notre esprit. Elles se pr\u00e9sentent sous forme de mots, d'images. Tr\u00e8s souvent, ces pens\u00e9es n'ont pas \u00e9t\u00e9 choisies de propos d\u00e9lib\u00e9r\u00e9 pour r\u00e9pondre ad\u00e9quatement aux circonstances. Ce sont les pens\u00e9es que S. Freud et St. Zweig appelaient les pens\u00e9es \u00ab intruses \u00bb. En bref, elles sont l\u00e0. Elles sont l\u00e0 comme autant d'\u00e9chos constants, automatiques, rapides du pass\u00e9 dont l'ombre port\u00e9e masque la clart\u00e9 du Pr\u00e9sent","thumbnail_url":"http:\/\/pro.ovh.net\/~emillena\/blog\/wp-content\/uploads\/2010\/12\/LostFile_JPG_1902-236x300.jpg"}