{"version":"1.0","provider_name":"3e mill\u00e9naire - Spiritualit\u00e9 - Connaissance de soi - Non-dualit\u00e9 - M\u00e9ditation","provider_url":"https:\/\/www.revue3emillenaire.com\/blog","title":"La recherche de la v\u00e9rit\u00e9 par B. Lahiry - 3e mill\u00e9naire - Spiritualit\u00e9 - Connaissance de soi - Non-dualit\u00e9 - M\u00e9ditation","type":"rich","width":600,"height":338,"html":"<blockquote class=\"wp-embedded-content\" data-secret=\"uC3JhHsi9w\"><a href=\"https:\/\/www.revue3emillenaire.com\/blog\/la-recherche-de-la-verite-par-b-lahiry\/\">La recherche de la v\u00e9rit\u00e9 par B. Lahiry<\/a><\/blockquote><iframe sandbox=\"allow-scripts\" security=\"restricted\" src=\"https:\/\/www.revue3emillenaire.com\/blog\/la-recherche-de-la-verite-par-b-lahiry\/embed\/#?secret=uC3JhHsi9w\" width=\"600\" height=\"338\" title=\"\u00ab\u00a0La recherche de la v\u00e9rit\u00e9 par B. Lahiry\u00a0\u00bb &#8212; 3e mill\u00e9naire - Spiritualit\u00e9 - Connaissance de soi - Non-dualit\u00e9 - M\u00e9ditation\" data-secret=\"uC3JhHsi9w\" frameborder=\"0\" marginwidth=\"0\" marginheight=\"0\" scrolling=\"no\" class=\"wp-embedded-content\"><\/iframe><script type=\"text\/javascript\">\n\/* <![CDATA[ *\/\n\/*! This file is auto-generated *\/\n!function(d,l){\"use strict\";l.querySelector&&d.addEventListener&&\"undefined\"!=typeof URL&&(d.wp=d.wp||{},d.wp.receiveEmbedMessage||(d.wp.receiveEmbedMessage=function(e){var t=e.data;if((t||t.secret||t.message||t.value)&&!\/[^a-zA-Z0-9]\/.test(t.secret)){for(var s,r,n,a=l.querySelectorAll('iframe[data-secret=\"'+t.secret+'\"]'),o=l.querySelectorAll('blockquote[data-secret=\"'+t.secret+'\"]'),c=new RegExp(\"^https?:$\",\"i\"),i=0;i<o.length;i++)o[i].style.display=\"none\";for(i=0;i<a.length;i++)s=a[i],e.source===s.contentWindow&&(s.removeAttribute(\"style\"),\"height\"===t.message?(1e3<(r=parseInt(t.value,10))?r=1e3:~~r<200&&(r=200),s.height=r):\"link\"===t.message&&(r=new URL(s.getAttribute(\"src\")),n=new URL(t.value),c.test(n.protocol))&&n.host===r.host&&l.activeElement===s&&(d.top.location.href=t.value))}},d.addEventListener(\"message\",d.wp.receiveEmbedMessage,!1),l.addEventListener(\"DOMContentLoaded\",function(){for(var e,t,s=l.querySelectorAll(\"iframe.wp-embedded-content\"),r=0;r<s.length;r++)(t=(e=s[r]).getAttribute(\"data-secret\"))||(t=Math.random().toString(36).substring(2,12),e.src+=\"#?secret=\"+t,e.setAttribute(\"data-secret\",t)),e.contentWindow.postMessage({message:\"ready\",secret:t},\"*\")},!1)))}(window,document);\n\/\/# sourceURL=https:\/\/www.revue3emillenaire.com\/blog\/wp-includes\/js\/wp-embed.min.js\n\/* ]]> *\/\n<\/script>\n","description":"De m\u00eame que le silence peut \u00eatre exp\u00e9riment\u00e9 directement entre deux notes cons\u00e9cutives, et que l'\u00e9cran tel qu'il est peut \u00eatre vu direc\u00adtement entre deux images projet\u00e9es cons\u00e9cutivement, Cela, le t\u00e9moin, peut aussi \u00eatre directement exp\u00e9riment\u00e9 entre deux pens\u00e9es qui se suivent. La question est de savoir comment saisir le t\u00e9moin pendant cet intervalle extr\u00eamement court ; et l'intervalle peut-il \u00eatre allong\u00e9 ? Toute m\u00e9thode supposant un processus mental est en principe inutile car elle exercerait un effet contraire sur l'intervalle. Un effort pour arr\u00eater la pens\u00e9e est \u00e9galement inutile, car cet effort est accompli par un auteur ou par un acteur, cachant imm\u00e9diatement le t\u00e9moin."}