{"version":"1.0","provider_name":"3e mill\u00e9naire - Spiritualit\u00e9 - Connaissance de soi - Non-dualit\u00e9 - M\u00e9ditation","provider_url":"https:\/\/www.revue3emillenaire.com\/blog","title":"Les temps pr\u00e9-\u00e9ternels par Archaka - 3e mill\u00e9naire - Spiritualit\u00e9 - Connaissance de soi - Non-dualit\u00e9 - M\u00e9ditation","type":"rich","width":600,"height":338,"html":"<blockquote class=\"wp-embedded-content\" data-secret=\"RVGcyIvkAT\"><a href=\"https:\/\/www.revue3emillenaire.com\/blog\/les-temps-pre-eternels-par-archaka\/\">Les temps pr\u00e9-\u00e9ternels par Archaka<\/a><\/blockquote><iframe sandbox=\"allow-scripts\" security=\"restricted\" src=\"https:\/\/www.revue3emillenaire.com\/blog\/les-temps-pre-eternels-par-archaka\/embed\/#?secret=RVGcyIvkAT\" width=\"600\" height=\"338\" title=\"\u00ab\u00a0Les temps pr\u00e9-\u00e9ternels par Archaka\u00a0\u00bb &#8212; 3e mill\u00e9naire - Spiritualit\u00e9 - Connaissance de soi - Non-dualit\u00e9 - M\u00e9ditation\" data-secret=\"RVGcyIvkAT\" frameborder=\"0\" marginwidth=\"0\" marginheight=\"0\" scrolling=\"no\" class=\"wp-embedded-content\"><\/iframe><script type=\"text\/javascript\">\n\/* <![CDATA[ *\/\n\/*! This file is auto-generated *\/\n!function(d,l){\"use strict\";l.querySelector&&d.addEventListener&&\"undefined\"!=typeof URL&&(d.wp=d.wp||{},d.wp.receiveEmbedMessage||(d.wp.receiveEmbedMessage=function(e){var t=e.data;if((t||t.secret||t.message||t.value)&&!\/[^a-zA-Z0-9]\/.test(t.secret)){for(var s,r,n,a=l.querySelectorAll('iframe[data-secret=\"'+t.secret+'\"]'),o=l.querySelectorAll('blockquote[data-secret=\"'+t.secret+'\"]'),c=new RegExp(\"^https?:$\",\"i\"),i=0;i<o.length;i++)o[i].style.display=\"none\";for(i=0;i<a.length;i++)s=a[i],e.source===s.contentWindow&&(s.removeAttribute(\"style\"),\"height\"===t.message?(1e3<(r=parseInt(t.value,10))?r=1e3:~~r<200&&(r=200),s.height=r):\"link\"===t.message&&(r=new URL(s.getAttribute(\"src\")),n=new URL(t.value),c.test(n.protocol))&&n.host===r.host&&l.activeElement===s&&(d.top.location.href=t.value))}},d.addEventListener(\"message\",d.wp.receiveEmbedMessage,!1),l.addEventListener(\"DOMContentLoaded\",function(){for(var e,t,s=l.querySelectorAll(\"iframe.wp-embedded-content\"),r=0;r<s.length;r++)(t=(e=s[r]).getAttribute(\"data-secret\"))||(t=Math.random().toString(36).substring(2,12),e.src+=\"#?secret=\"+t,e.setAttribute(\"data-secret\",t)),e.contentWindow.postMessage({message:\"ready\",secret:t},\"*\")},!1)))}(window,document);\n\/\/# sourceURL=https:\/\/www.revue3emillenaire.com\/blog\/wp-includes\/js\/wp-embed.min.js\n\/* ]]> *\/\n<\/script>\n","thumbnail_url":"https:\/\/www.revue3emillenaire.com\/blog\/wp-content\/uploads\/2013\/12\/archka.jpg","thumbnail_width":"150","thumbnail_height":"142","description":"Enferm\u00e9e en elle-m\u00eame, repli\u00e9e sur ses secrets, ainsi \u00e9tait la Terre \u00e0 son d\u00e9but. Verrouill\u00e9e sur un r\u00eave sans images, asphyxi\u00e9e par l'inconscience, noy\u00e9e dans les eaux bitumeuses de la Nuit cosmique, ainsi \u00e9tait-elle et ainsi serait-elle demeur\u00e9e si une Force ne l'avait fractur\u00e9e, si la Vie n'avait plong\u00e9 en elle son glaive ardent et n'avait, pendant d'innombrables millions d'ann\u00e9es, labour\u00e9 ses flancs moroses pour y susciter les toutes premi\u00e8res formes de conscience, des algues, des bact\u00e9ries ayant assez de sensibilit\u00e9 pour se mouvoir et subsister. De quelles affres la Terre endormie a-t-elle pay\u00e9 sa remont\u00e9e hors de l'ab\u00eeme du sommeil et de l'amn\u00e9sie ? De l'insondable obscurit\u00e9, sa voix somnambule s'est fait entendre, s'\u00e9levant et retombant, puis s'\u00e9levant de nouveau et se d\u00e9ployant de plus en plus et r\u00e9pandant ses harmonies \u00e0 travers le syst\u00e8me solaire ainsi qu'un cantique de gratitude saluant la Lumi\u00e8re cr\u00e9atrice."}