{"version":"1.0","provider_name":"3e mill\u00e9naire - Spiritualit\u00e9 - Connaissance de soi - Non-dualit\u00e9 - M\u00e9ditation","provider_url":"https:\/\/www.revue3emillenaire.com\/blog","title":"L'\u00e9v\u00e9nement m\u00e9tapsychique de la r\u00e9v\u00e9lation par Carlos Suar\u00e8s - 3e mill\u00e9naire - Spiritualit\u00e9 - Connaissance de soi - Non-dualit\u00e9 - M\u00e9ditation","type":"rich","width":600,"height":338,"html":"<blockquote class=\"wp-embedded-content\" data-secret=\"Tw40d8PK1M\"><a href=\"https:\/\/www.revue3emillenaire.com\/blog\/levenement-metapsychique-de-la-revelation-par-carlos-suares\/\">L&rsquo;\u00e9v\u00e9nement m\u00e9tapsychique de la r\u00e9v\u00e9lation par Carlos Suar\u00e8s<\/a><\/blockquote><iframe sandbox=\"allow-scripts\" security=\"restricted\" src=\"https:\/\/www.revue3emillenaire.com\/blog\/levenement-metapsychique-de-la-revelation-par-carlos-suares\/embed\/#?secret=Tw40d8PK1M\" width=\"600\" height=\"338\" title=\"\u00ab\u00a0L&rsquo;\u00e9v\u00e9nement m\u00e9tapsychique de la r\u00e9v\u00e9lation par Carlos Suar\u00e8s\u00a0\u00bb &#8212; 3e mill\u00e9naire - Spiritualit\u00e9 - Connaissance de soi - Non-dualit\u00e9 - M\u00e9ditation\" data-secret=\"Tw40d8PK1M\" frameborder=\"0\" marginwidth=\"0\" marginheight=\"0\" scrolling=\"no\" class=\"wp-embedded-content\"><\/iframe><script type=\"text\/javascript\">\n\/* <![CDATA[ *\/\n\/*! This file is auto-generated *\/\n!function(d,l){\"use strict\";l.querySelector&&d.addEventListener&&\"undefined\"!=typeof URL&&(d.wp=d.wp||{},d.wp.receiveEmbedMessage||(d.wp.receiveEmbedMessage=function(e){var t=e.data;if((t||t.secret||t.message||t.value)&&!\/[^a-zA-Z0-9]\/.test(t.secret)){for(var s,r,n,a=l.querySelectorAll('iframe[data-secret=\"'+t.secret+'\"]'),o=l.querySelectorAll('blockquote[data-secret=\"'+t.secret+'\"]'),c=new RegExp(\"^https?:$\",\"i\"),i=0;i<o.length;i++)o[i].style.display=\"none\";for(i=0;i<a.length;i++)s=a[i],e.source===s.contentWindow&&(s.removeAttribute(\"style\"),\"height\"===t.message?(1e3<(r=parseInt(t.value,10))?r=1e3:~~r<200&&(r=200),s.height=r):\"link\"===t.message&&(r=new URL(s.getAttribute(\"src\")),n=new URL(t.value),c.test(n.protocol))&&n.host===r.host&&l.activeElement===s&&(d.top.location.href=t.value))}},d.addEventListener(\"message\",d.wp.receiveEmbedMessage,!1),l.addEventListener(\"DOMContentLoaded\",function(){for(var e,t,s=l.querySelectorAll(\"iframe.wp-embedded-content\"),r=0;r<s.length;r++)(t=(e=s[r]).getAttribute(\"data-secret\"))||(t=Math.random().toString(36).substring(2,12),e.src+=\"#?secret=\"+t,e.setAttribute(\"data-secret\",t)),e.contentWindow.postMessage({message:\"ready\",secret:t},\"*\")},!1)))}(window,document);\n\/\/# sourceURL=https:\/\/www.revue3emillenaire.com\/blog\/wp-includes\/js\/wp-embed.min.js\n\/* ]]> *\/\n<\/script>\n","description":"Lorsqu'il arrive \u00e0 l'intemporalit\u00e9 d'envahir l'espace int\u00e9rieur de l'homme, elle fait mourir \u00e0 elle-m\u00eame la psych\u00e9, car celle-ci est une structure temporelle. Il en r\u00e9sulte que l'homme qui est le lieu de cette R\u00e9v\u00e9lation ne peut pas la percevoir, car toute exp\u00e9rience est n\u00e9cessairement d'ordre sensoriel. L'\u00e9v\u00e9nement et sa cause \u00e9chappent \u00e0 la conscience : ils sont m\u00e9tapsychiques dans toute l'acception de ce terme. Et pourtant l'\u00e9v\u00e9nement et ses effets s'affirment \u00e9tant. Le Sepher Yetsira \u00e9mane de la R\u00e9v\u00e9lation d'Abraham et ignore Mo\u00efse. Exclu de la tradition mosa\u00efste, il se pr\u00e9sente comme commentaire d'un autre ouvrage de la Cabale, tr\u00e8s c\u00e9l\u00e8bre du fait que, accommod\u00e9 au niveau du public, on lui fait dire le contraire de ce qu'il dit : la Gen\u00e8se biblique."}