{"version":"1.0","provider_name":"3e mill\u00e9naire - Spiritualit\u00e9 - Connaissance de soi - Non-dualit\u00e9 - M\u00e9ditation","provider_url":"https:\/\/www.revue3emillenaire.com\/blog","title":"L'illumination ou l'\u0153il de l'esprit par Aim\u00e9 Michel - 3e mill\u00e9naire - Spiritualit\u00e9 - Connaissance de soi - Non-dualit\u00e9 - M\u00e9ditation","type":"rich","width":600,"height":338,"html":"<blockquote class=\"wp-embedded-content\" data-secret=\"LxtuMORIqp\"><a href=\"https:\/\/www.revue3emillenaire.com\/blog\/lillumination-ou-loeil-de-lesprit-par-aime-michel\/\">L&rsquo;illumination ou l&rsquo;\u0153il de l&rsquo;esprit par Aim\u00e9 Michel<\/a><\/blockquote><iframe sandbox=\"allow-scripts\" security=\"restricted\" src=\"https:\/\/www.revue3emillenaire.com\/blog\/lillumination-ou-loeil-de-lesprit-par-aime-michel\/embed\/#?secret=LxtuMORIqp\" width=\"600\" height=\"338\" title=\"\u00ab\u00a0L&rsquo;illumination ou l&rsquo;\u0153il de l&rsquo;esprit par Aim\u00e9 Michel\u00a0\u00bb &#8212; 3e mill\u00e9naire - Spiritualit\u00e9 - Connaissance de soi - Non-dualit\u00e9 - M\u00e9ditation\" data-secret=\"LxtuMORIqp\" frameborder=\"0\" marginwidth=\"0\" marginheight=\"0\" scrolling=\"no\" class=\"wp-embedded-content\"><\/iframe><script type=\"text\/javascript\">\n\/* <![CDATA[ *\/\n\/*! This file is auto-generated *\/\n!function(d,l){\"use strict\";l.querySelector&&d.addEventListener&&\"undefined\"!=typeof URL&&(d.wp=d.wp||{},d.wp.receiveEmbedMessage||(d.wp.receiveEmbedMessage=function(e){var t=e.data;if((t||t.secret||t.message||t.value)&&!\/[^a-zA-Z0-9]\/.test(t.secret)){for(var s,r,n,a=l.querySelectorAll('iframe[data-secret=\"'+t.secret+'\"]'),o=l.querySelectorAll('blockquote[data-secret=\"'+t.secret+'\"]'),c=new RegExp(\"^https?:$\",\"i\"),i=0;i<o.length;i++)o[i].style.display=\"none\";for(i=0;i<a.length;i++)s=a[i],e.source===s.contentWindow&&(s.removeAttribute(\"style\"),\"height\"===t.message?(1e3<(r=parseInt(t.value,10))?r=1e3:~~r<200&&(r=200),s.height=r):\"link\"===t.message&&(r=new URL(s.getAttribute(\"src\")),n=new URL(t.value),c.test(n.protocol))&&n.host===r.host&&l.activeElement===s&&(d.top.location.href=t.value))}},d.addEventListener(\"message\",d.wp.receiveEmbedMessage,!1),l.addEventListener(\"DOMContentLoaded\",function(){for(var e,t,s=l.querySelectorAll(\"iframe.wp-embedded-content\"),r=0;r<s.length;r++)(t=(e=s[r]).getAttribute(\"data-secret\"))||(t=Math.random().toString(36).substring(2,12),e.src+=\"#?secret=\"+t,e.setAttribute(\"data-secret\",t)),e.contentWindow.postMessage({message:\"ready\",secret:t},\"*\")},!1)))}(window,document);\n\/\/# sourceURL=https:\/\/www.revue3emillenaire.com\/blog\/wp-includes\/js\/wp-embed.min.js\n\/* ]]> *\/\n<\/script>\n","description":"Comment l'homme est-il devenu, au moins partiellement, ma\u00eetre de ses repr\u00e9sentations, c'est ce que nous ignorons. Mais le pr\u00e9historien suit au fil du temps la naissance de cette ma\u00eetrise, qui fut longue. Ramasser une pierre qui tra\u00eene et la tailler, c'est faire aussi bien que le pic \u00e9peiche qui taille une pi\u00e8ce de bois pour y caler sa noix et l'attaquer avec son bec. Aller chercher au loin une certaine qualit\u00e9 de pierre pour en faire plusieurs outils qu'ensuite on portera sur soi, cela suppose la repr\u00e9sentation lib\u00e9r\u00e9e qui est le propre de l'homme. Avant d'aller chercher cette pierre, il a fallu imaginer une longue s\u00e9rie d'actes sans en faire aucun.","thumbnail_url":"http:\/\/www.google.com\/uds\/css\/small-logo.png"}