{"version":"1.0","provider_name":"3e mill\u00e9naire - Spiritualit\u00e9 - Connaissance de soi - Non-dualit\u00e9 - M\u00e9ditation","provider_url":"https:\/\/www.revue3emillenaire.com\/blog","title":"Qu'est-ce que dieu? par Jean-G. Bardet - 3e mill\u00e9naire - Spiritualit\u00e9 - Connaissance de soi - Non-dualit\u00e9 - M\u00e9ditation","type":"rich","width":600,"height":338,"html":"<blockquote class=\"wp-embedded-content\" data-secret=\"TRxB9YP9mQ\"><a href=\"https:\/\/www.revue3emillenaire.com\/blog\/quest-ce-que-dieu-par-jean-g-bardet\/\">Qu&rsquo;est-ce que dieu? par Jean-G. Bardet<\/a><\/blockquote><iframe sandbox=\"allow-scripts\" security=\"restricted\" src=\"https:\/\/www.revue3emillenaire.com\/blog\/quest-ce-que-dieu-par-jean-g-bardet\/embed\/#?secret=TRxB9YP9mQ\" width=\"600\" height=\"338\" title=\"\u00ab\u00a0Qu&rsquo;est-ce que dieu? par Jean-G. Bardet\u00a0\u00bb &#8212; 3e mill\u00e9naire - Spiritualit\u00e9 - Connaissance de soi - Non-dualit\u00e9 - M\u00e9ditation\" data-secret=\"TRxB9YP9mQ\" frameborder=\"0\" marginwidth=\"0\" marginheight=\"0\" scrolling=\"no\" class=\"wp-embedded-content\"><\/iframe><script type=\"text\/javascript\">\n\/* <![CDATA[ *\/\n\/*! This file is auto-generated *\/\n!function(d,l){\"use strict\";l.querySelector&&d.addEventListener&&\"undefined\"!=typeof URL&&(d.wp=d.wp||{},d.wp.receiveEmbedMessage||(d.wp.receiveEmbedMessage=function(e){var t=e.data;if((t||t.secret||t.message||t.value)&&!\/[^a-zA-Z0-9]\/.test(t.secret)){for(var s,r,n,a=l.querySelectorAll('iframe[data-secret=\"'+t.secret+'\"]'),o=l.querySelectorAll('blockquote[data-secret=\"'+t.secret+'\"]'),c=new RegExp(\"^https?:$\",\"i\"),i=0;i<o.length;i++)o[i].style.display=\"none\";for(i=0;i<a.length;i++)s=a[i],e.source===s.contentWindow&&(s.removeAttribute(\"style\"),\"height\"===t.message?(1e3<(r=parseInt(t.value,10))?r=1e3:~~r<200&&(r=200),s.height=r):\"link\"===t.message&&(r=new URL(s.getAttribute(\"src\")),n=new URL(t.value),c.test(n.protocol))&&n.host===r.host&&l.activeElement===s&&(d.top.location.href=t.value))}},d.addEventListener(\"message\",d.wp.receiveEmbedMessage,!1),l.addEventListener(\"DOMContentLoaded\",function(){for(var e,t,s=l.querySelectorAll(\"iframe.wp-embedded-content\"),r=0;r<s.length;r++)(t=(e=s[r]).getAttribute(\"data-secret\"))||(t=Math.random().toString(36).substring(2,12),e.src+=\"#?secret=\"+t,e.setAttribute(\"data-secret\",t)),e.contentWindow.postMessage({message:\"ready\",secret:t},\"*\")},!1)))}(window,document);\n\/\/# sourceURL=https:\/\/www.revue3emillenaire.com\/blog\/wp-includes\/js\/wp-embed.min.js\n\/* ]]> *\/\n<\/script>\n","description":"Est-ce un Grand Architecte capable de cr\u00e9er et d'ordonnancer, d'une seule de Ses pens\u00e9es, chacun des innombrables objets de l'Univers, de l'Uni-divers? Serait-ce le Dieu des philosophes, r\u00e9sultat d'une m\u00e9taphysique rationnelle, \u00e0 qui l'on ose attribuer, par imposture, le mot de Dieu? Un \u00catre Absolu, incompatible avec l'\u00e9table de Bethl\u00e9em comme avec la Croix du Golgotha? Ou est-ce un Flux d'Amour, \u00e0 la fois Fleuve par son dynamisme et \u00c9tang immense et calme \u2014 \u00c9tang de Feu, o\u00f9 seront \"jet\u00e9s la Mort et l'Enfer\" (Apoc. 20, 14)? Cette image correspond bien mieux \u00e0 la physique de \"notre temps\", laquelle n'est plus celle des solides, mus par des forces externes (celle d'Aristote - Galil\u00e9e - Newton), mais celle des \u00e9nergies internes.","thumbnail_url":"http:\/\/www.revue3emillenaire.com\/blog\/wp-content\/uploads\/2011\/10\/bard1-1-300x210.jpg"}