{"version":"1.0","provider_name":"3e mill\u00e9naire - Spiritualit\u00e9 - Connaissance de soi - Non-dualit\u00e9 - M\u00e9ditation","provider_url":"https:\/\/www.revue3emillenaire.com\/blog","title":"Sexualit\u00e9 et cr\u00e9ativit\u00e9 par Dorion Sagan - 3e mill\u00e9naire - Spiritualit\u00e9 - Connaissance de soi - Non-dualit\u00e9 - M\u00e9ditation","type":"rich","width":600,"height":338,"html":"<blockquote class=\"wp-embedded-content\" data-secret=\"Kg564vDD5p\"><a href=\"https:\/\/www.revue3emillenaire.com\/blog\/sexualite-et-creativite-par-dorion-sagan\/\">Sexualit\u00e9 et cr\u00e9ativit\u00e9 par Dorion Sagan<\/a><\/blockquote><iframe sandbox=\"allow-scripts\" security=\"restricted\" src=\"https:\/\/www.revue3emillenaire.com\/blog\/sexualite-et-creativite-par-dorion-sagan\/embed\/#?secret=Kg564vDD5p\" width=\"600\" height=\"338\" title=\"\u00ab\u00a0Sexualit\u00e9 et cr\u00e9ativit\u00e9 par Dorion Sagan\u00a0\u00bb &#8212; 3e mill\u00e9naire - Spiritualit\u00e9 - Connaissance de soi - Non-dualit\u00e9 - M\u00e9ditation\" data-secret=\"Kg564vDD5p\" frameborder=\"0\" marginwidth=\"0\" marginheight=\"0\" scrolling=\"no\" class=\"wp-embedded-content\"><\/iframe><script type=\"text\/javascript\">\n\/* <![CDATA[ *\/\n\/*! This file is auto-generated *\/\n!function(d,l){\"use strict\";l.querySelector&&d.addEventListener&&\"undefined\"!=typeof URL&&(d.wp=d.wp||{},d.wp.receiveEmbedMessage||(d.wp.receiveEmbedMessage=function(e){var t=e.data;if((t||t.secret||t.message||t.value)&&!\/[^a-zA-Z0-9]\/.test(t.secret)){for(var s,r,n,a=l.querySelectorAll('iframe[data-secret=\"'+t.secret+'\"]'),o=l.querySelectorAll('blockquote[data-secret=\"'+t.secret+'\"]'),c=new RegExp(\"^https?:$\",\"i\"),i=0;i<o.length;i++)o[i].style.display=\"none\";for(i=0;i<a.length;i++)s=a[i],e.source===s.contentWindow&&(s.removeAttribute(\"style\"),\"height\"===t.message?(1e3<(r=parseInt(t.value,10))?r=1e3:~~r<200&&(r=200),s.height=r):\"link\"===t.message&&(r=new URL(s.getAttribute(\"src\")),n=new URL(t.value),c.test(n.protocol))&&n.host===r.host&&l.activeElement===s&&(d.top.location.href=t.value))}},d.addEventListener(\"message\",d.wp.receiveEmbedMessage,!1),l.addEventListener(\"DOMContentLoaded\",function(){for(var e,t,s=l.querySelectorAll(\"iframe.wp-embedded-content\"),r=0;r<s.length;r++)(t=(e=s[r]).getAttribute(\"data-secret\"))||(t=Math.random().toString(36).substring(2,12),e.src+=\"#?secret=\"+t,e.setAttribute(\"data-secret\",t)),e.contentWindow.postMessage({message:\"ready\",secret:t},\"*\")},!1)))}(window,document);\n\/\/# sourceURL=https:\/\/www.revue3emillenaire.com\/blog\/wp-includes\/js\/wp-embed.min.js\n\/* ]]> *\/\n<\/script>\n","description":"Ce dernier point est tr\u00e8s important. Il montre que quelque chose doit \u00eatre en \u0153uvre pour contenir, diriger, filtrer le flot incessant des associations qui germent dans l'esprit du cr\u00e9ateur, et pour choisir parmi celles-ci. L'effet exerc\u00e9 par la logique sur le chaos indiff\u00e9renci\u00e9 des id\u00e9es artistiques et scientifiques en formation est presque semblable, \u00e0 un point qui en est presque alarmant, \u00e0 celui exerc\u00e9 par la s\u00e9lection naturelle sur l'\u00e9volution des esp\u00e8ces vivantes. Peut-\u00eatre que l'h\u00e9misph\u00e8re gauche de notre cerveau, lin\u00e9aire, digital, verbal, et conceptuel s'entra\u00eene dans l'exercice de cette facult\u00e9 sur l'h\u00e9misph\u00e8re droit, analogique et non verbal."}