{"version":"1.0","provider_name":"3e mill\u00e9naire - Spiritualit\u00e9 - Connaissance de soi - Non-dualit\u00e9 - M\u00e9ditation","provider_url":"https:\/\/www.revue3emillenaire.com\/blog","title":"Teilhard proph\u00e8te de l'\u00e9volution par Maurice Lambilliotte - 3e mill\u00e9naire - Spiritualit\u00e9 - Connaissance de soi - Non-dualit\u00e9 - M\u00e9ditation","type":"rich","width":600,"height":338,"html":"<blockquote class=\"wp-embedded-content\" data-secret=\"ajYr6IqT7E\"><a href=\"https:\/\/www.revue3emillenaire.com\/blog\/teilhard-prophete-de-levolution-par-maurice-lambilliotte\/\">Teilhard proph\u00e8te de l&rsquo;\u00e9volution par Maurice Lambilliotte<\/a><\/blockquote><iframe sandbox=\"allow-scripts\" security=\"restricted\" src=\"https:\/\/www.revue3emillenaire.com\/blog\/teilhard-prophete-de-levolution-par-maurice-lambilliotte\/embed\/#?secret=ajYr6IqT7E\" width=\"600\" height=\"338\" title=\"\u00ab\u00a0Teilhard proph\u00e8te de l&rsquo;\u00e9volution par Maurice Lambilliotte\u00a0\u00bb &#8212; 3e mill\u00e9naire - Spiritualit\u00e9 - Connaissance de soi - Non-dualit\u00e9 - M\u00e9ditation\" data-secret=\"ajYr6IqT7E\" frameborder=\"0\" marginwidth=\"0\" marginheight=\"0\" scrolling=\"no\" class=\"wp-embedded-content\"><\/iframe><script type=\"text\/javascript\">\n\/* <![CDATA[ *\/\n\/*! This file is auto-generated *\/\n!function(d,l){\"use strict\";l.querySelector&&d.addEventListener&&\"undefined\"!=typeof URL&&(d.wp=d.wp||{},d.wp.receiveEmbedMessage||(d.wp.receiveEmbedMessage=function(e){var t=e.data;if((t||t.secret||t.message||t.value)&&!\/[^a-zA-Z0-9]\/.test(t.secret)){for(var s,r,n,a=l.querySelectorAll('iframe[data-secret=\"'+t.secret+'\"]'),o=l.querySelectorAll('blockquote[data-secret=\"'+t.secret+'\"]'),c=new RegExp(\"^https?:$\",\"i\"),i=0;i<o.length;i++)o[i].style.display=\"none\";for(i=0;i<a.length;i++)s=a[i],e.source===s.contentWindow&&(s.removeAttribute(\"style\"),\"height\"===t.message?(1e3<(r=parseInt(t.value,10))?r=1e3:~~r<200&&(r=200),s.height=r):\"link\"===t.message&&(r=new URL(s.getAttribute(\"src\")),n=new URL(t.value),c.test(n.protocol))&&n.host===r.host&&l.activeElement===s&&(d.top.location.href=t.value))}},d.addEventListener(\"message\",d.wp.receiveEmbedMessage,!1),l.addEventListener(\"DOMContentLoaded\",function(){for(var e,t,s=l.querySelectorAll(\"iframe.wp-embedded-content\"),r=0;r<s.length;r++)(t=(e=s[r]).getAttribute(\"data-secret\"))||(t=Math.random().toString(36).substring(2,12),e.src+=\"#?secret=\"+t,e.setAttribute(\"data-secret\",t)),e.contentWindow.postMessage({message:\"ready\",secret:t},\"*\")},!1)))}(window,document);\n\/\/# sourceURL=https:\/\/www.revue3emillenaire.com\/blog\/wp-includes\/js\/wp-embed.min.js\n\/* ]]> *\/\n<\/script>\n","description":"Je transcris, sans rien changer, quelques notes jet\u00e9es en h\u00e2te sur le papier, d\u00e8s mon retour \u00e0 mon h\u00f4tel : \u00ab Sa jeunesse, sa beaut\u00e9, sa vivacit\u00e9 d'esprit, sa joie rayonnante, \u00e9crivais-je, sont quelque chose qu'on ne peut imaginer si on ne l'a v\u00e9cu \u00bb. L'impression que m'avait faite cet aristocrate rac\u00e9 qui, \u00e0 ce moment, avait 73 ans, \u00e9tait vraiment une impression de jeunesse, de beaut\u00e9 physique, d'ardeur et de rayonnement. J'aurais pu y ajouter la simplicit\u00e9, la cordialit\u00e9, le sentiment qu'il engendrait d'une v\u00e9ritable communion d'esprit et de c\u0153ur tandis qu'il nous parlait. Son information sur l'\u00e9tat du monde \u00e9tait prodigieuse. Ses jugements aigus et p\u00e9n\u00e9trants. Connaissant la semi-clandestinit\u00e9 o\u00f9 il se tenait volontairement d'ailleurs, je m'attendais \u00e0 lui trouver un peu d'amertume. C'est un homme joyeux qui nous entretenait. Un homme \u00e0 la fois si haut par sa vision du cosmos, et si pr\u00e8s de la r\u00e9alit\u00e9. Une intelligence profonde et, \u00e0 la fois, d\u00e9li\u00e9 ; un homme vif, plein d'esprit, riant parfois d'une remarque, d'un mot lanc\u00e9 dans la conversation, encha\u00eenant et d\u00e9couvrant en un \u00e9clair des horizons vastes et insoup\u00e7onn\u00e9s. Sa pens\u00e9e naissait sous nos yeux. Et cette pens\u00e9e jaillie, expression claire, lumineuse et simple, d'une \u00e9vidence et d'une conviction, nous imposait irr\u00e9sistiblement l'\u00e9mouvante approche d'un verbe authentique. C'est que derri\u00e8re le savant et le philosophe, il y avait en Teilhard de Chardin un po\u00e8te, mais au sens \u00e9tymologique du terme, un cr\u00e9ateur..."}