{"version":"1.0","provider_name":"3e mill\u00e9naire - Spiritualit\u00e9 - Connaissance de soi - Non-dualit\u00e9 - M\u00e9ditation","provider_url":"https:\/\/www.revue3emillenaire.com\/blog","title":"Telles sont les questions fondamentales... par Aim\u00e9 Michel - 3e mill\u00e9naire - Spiritualit\u00e9 - Connaissance de soi - Non-dualit\u00e9 - M\u00e9ditation","type":"rich","width":600,"height":338,"html":"<blockquote class=\"wp-embedded-content\" data-secret=\"O99svZMxNL\"><a href=\"https:\/\/www.revue3emillenaire.com\/blog\/telles-sont-les-questions-fondamentales-par-aime-michel\/\">Telles sont les questions fondamentales&#8230; par Aim\u00e9 Michel<\/a><\/blockquote><iframe sandbox=\"allow-scripts\" security=\"restricted\" src=\"https:\/\/www.revue3emillenaire.com\/blog\/telles-sont-les-questions-fondamentales-par-aime-michel\/embed\/#?secret=O99svZMxNL\" width=\"600\" height=\"338\" title=\"\u00ab\u00a0Telles sont les questions fondamentales&#8230; par Aim\u00e9 Michel\u00a0\u00bb &#8212; 3e mill\u00e9naire - Spiritualit\u00e9 - Connaissance de soi - Non-dualit\u00e9 - M\u00e9ditation\" data-secret=\"O99svZMxNL\" frameborder=\"0\" marginwidth=\"0\" marginheight=\"0\" scrolling=\"no\" class=\"wp-embedded-content\"><\/iframe><script type=\"text\/javascript\">\n\/* <![CDATA[ *\/\n\/*! This file is auto-generated *\/\n!function(d,l){\"use strict\";l.querySelector&&d.addEventListener&&\"undefined\"!=typeof URL&&(d.wp=d.wp||{},d.wp.receiveEmbedMessage||(d.wp.receiveEmbedMessage=function(e){var t=e.data;if((t||t.secret||t.message||t.value)&&!\/[^a-zA-Z0-9]\/.test(t.secret)){for(var s,r,n,a=l.querySelectorAll('iframe[data-secret=\"'+t.secret+'\"]'),o=l.querySelectorAll('blockquote[data-secret=\"'+t.secret+'\"]'),c=new RegExp(\"^https?:$\",\"i\"),i=0;i<o.length;i++)o[i].style.display=\"none\";for(i=0;i<a.length;i++)s=a[i],e.source===s.contentWindow&&(s.removeAttribute(\"style\"),\"height\"===t.message?(1e3<(r=parseInt(t.value,10))?r=1e3:~~r<200&&(r=200),s.height=r):\"link\"===t.message&&(r=new URL(s.getAttribute(\"src\")),n=new URL(t.value),c.test(n.protocol))&&n.host===r.host&&l.activeElement===s&&(d.top.location.href=t.value))}},d.addEventListener(\"message\",d.wp.receiveEmbedMessage,!1),l.addEventListener(\"DOMContentLoaded\",function(){for(var e,t,s=l.querySelectorAll(\"iframe.wp-embedded-content\"),r=0;r<s.length;r++)(t=(e=s[r]).getAttribute(\"data-secret\"))||(t=Math.random().toString(36).substring(2,12),e.src+=\"#?secret=\"+t,e.setAttribute(\"data-secret\",t)),e.contentWindow.postMessage({message:\"ready\",secret:t},\"*\")},!1)))}(window,document);\n\/\/# sourceURL=https:\/\/www.revue3emillenaire.com\/blog\/wp-includes\/js\/wp-embed.min.js\n\/* ]]> *\/\n<\/script>\n","description":"La suite sans fin des \u00eatres, qui de l'inanim\u00e9 montent vers la pens\u00e9e, vers l'homme et au-del\u00e0, n'aboutit-elle pas \u00e0 ce : \u00ab Qui suis-je ? \u00bb. Cette interrogation n'est-elle donc pas pos\u00e9e d\u00e8s le commencement des choses, \u00e0 leur source, l\u00e0 o\u00f9 en d'autres temps on posait l'acte cr\u00e9ateur ? Ne l'est-elle pas, oui, d\u00e8s le commencement, d\u00e8s que les premi\u00e8res particules, conform\u00e9ment au myst\u00e9rieux principe de Pauli, entreprennent de se rassembler pour former des structures et ainsi s'engagent dans l'infatigable remaniement cr\u00e9ateur d'\u00e9toiles, puis de plan\u00e8tes, puis de vie, puis de pens\u00e9e, cette pens\u00e9e qui s'interroge sur elle-m\u00eame ?"}