{"version":"1.0","provider_name":"3e mill\u00e9naire - Spiritualit\u00e9 - Connaissance de soi - Non-dualit\u00e9 - M\u00e9ditation","provider_url":"https:\/\/www.revue3emillenaire.com\/blog","title":"Temps et nature humaine par Paul Chauchard - 3e mill\u00e9naire - Spiritualit\u00e9 - Connaissance de soi - Non-dualit\u00e9 - M\u00e9ditation","type":"rich","width":600,"height":338,"html":"<blockquote class=\"wp-embedded-content\" data-secret=\"kAK3buZYM2\"><a href=\"https:\/\/www.revue3emillenaire.com\/blog\/temps-et-nature-humaine-par-paul-chauchard\/\">Temps et nature humaine par Paul Chauchard<\/a><\/blockquote><iframe sandbox=\"allow-scripts\" security=\"restricted\" src=\"https:\/\/www.revue3emillenaire.com\/blog\/temps-et-nature-humaine-par-paul-chauchard\/embed\/#?secret=kAK3buZYM2\" width=\"600\" height=\"338\" title=\"\u00ab\u00a0Temps et nature humaine par Paul Chauchard\u00a0\u00bb &#8212; 3e mill\u00e9naire - Spiritualit\u00e9 - Connaissance de soi - Non-dualit\u00e9 - M\u00e9ditation\" data-secret=\"kAK3buZYM2\" frameborder=\"0\" marginwidth=\"0\" marginheight=\"0\" scrolling=\"no\" class=\"wp-embedded-content\"><\/iframe><script type=\"text\/javascript\">\n\/* <![CDATA[ *\/\n\/*! This file is auto-generated *\/\n!function(d,l){\"use strict\";l.querySelector&&d.addEventListener&&\"undefined\"!=typeof URL&&(d.wp=d.wp||{},d.wp.receiveEmbedMessage||(d.wp.receiveEmbedMessage=function(e){var t=e.data;if((t||t.secret||t.message||t.value)&&!\/[^a-zA-Z0-9]\/.test(t.secret)){for(var s,r,n,a=l.querySelectorAll('iframe[data-secret=\"'+t.secret+'\"]'),o=l.querySelectorAll('blockquote[data-secret=\"'+t.secret+'\"]'),c=new RegExp(\"^https?:$\",\"i\"),i=0;i<o.length;i++)o[i].style.display=\"none\";for(i=0;i<a.length;i++)s=a[i],e.source===s.contentWindow&&(s.removeAttribute(\"style\"),\"height\"===t.message?(1e3<(r=parseInt(t.value,10))?r=1e3:~~r<200&&(r=200),s.height=r):\"link\"===t.message&&(r=new URL(s.getAttribute(\"src\")),n=new URL(t.value),c.test(n.protocol))&&n.host===r.host&&l.activeElement===s&&(d.top.location.href=t.value))}},d.addEventListener(\"message\",d.wp.receiveEmbedMessage,!1),l.addEventListener(\"DOMContentLoaded\",function(){for(var e,t,s=l.querySelectorAll(\"iframe.wp-embedded-content\"),r=0;r<s.length;r++)(t=(e=s[r]).getAttribute(\"data-secret\"))||(t=Math.random().toString(36).substring(2,12),e.src+=\"#?secret=\"+t,e.setAttribute(\"data-secret\",t)),e.contentWindow.postMessage({message:\"ready\",secret:t},\"*\")},!1)))}(window,document);\n\/\/# sourceURL=https:\/\/www.revue3emillenaire.com\/blog\/wp-includes\/js\/wp-embed.min.js\n\/* ]]> *\/\n<\/script>\n","thumbnail_url":"https:\/\/www.revue3emillenaire.com\/blog\/wp-content\/uploads\/2014\/01\/Chauchard.jpg","thumbnail_width":"194","thumbnail_height":"275","description":"Nous voyons ainsi combien le temps importe \u00e0 la nature de l\u2019homme. Celui-ci, bien plus que l\u2019animal, va en prendre conscience. Mais il ne se rend pas assez compte combien le temps est une r\u00e9alit\u00e9 de sa chair, combien le temps l\u2019a marqu\u00e9 et le marque, contribuant \u00e0 le faire ce qu\u2019il est, assez autre peut-\u00eatre de ce qu\u2019il aurait pu \u00eatre. Le temps, c\u2019est le dynamisme m\u00eame de notre \u00eatre en \u00e9volution constante, c\u2019est la pr\u00e9sence de tout notre pass\u00e9 dans notre pr\u00e9sent, \u00e0 notre insu m\u00eame. Prendre conscience du temps, ce n\u2019est donc pas conna\u00eetre le cadre ext\u00e9rieur de notre vie, mais jeter un regard sur la r\u00e9alit\u00e9 m\u00eame de notre \u00eatre."}